{"id":720,"date":"2021-06-18T06:38:37","date_gmt":"2021-06-18T04:38:37","guid":{"rendered":"https:\/\/aimia.cat\/concepte\/"},"modified":"2021-06-29T11:05:30","modified_gmt":"2021-06-29T09:05:30","slug":"concepto","status":"publish","type":"page","link":"https:\/\/aimia.cat\/es\/concepto\/","title":{"rendered":"Concepto"},"content":{"rendered":"\t\t<div data-elementor-type=\"wp-page\" data-elementor-id=\"720\" class=\"elementor elementor-720 elementor-17\" data-elementor-post-type=\"page\">\n\t\t\t\t\t\t<section class=\"elementor-section elementor-top-section elementor-element elementor-element-cb5253f elementor-section-boxed elementor-section-height-default elementor-section-height-default\" data-id=\"cb5253f\" data-element_type=\"section\" data-e-type=\"section\">\n\t\t\t\t\t\t<div class=\"elementor-container elementor-column-gap-default\">\n\t\t\t\t\t<div class=\"elementor-column elementor-col-100 elementor-top-column elementor-element elementor-element-02db91e\" data-id=\"02db91e\" data-element_type=\"column\" data-e-type=\"column\">\n\t\t\t<div class=\"elementor-widget-wrap elementor-element-populated\">\n\t\t\t\t\t\t<div class=\"elementor-element elementor-element-cb95aa0 elementor-widget elementor-widget-image\" data-id=\"cb95aa0\" data-element_type=\"widget\" data-e-type=\"widget\" data-widget_type=\"image.default\">\n\t\t\t\t<div class=\"elementor-widget-container\">\n\t\t\t\t\t\t\t\t\t\t\t\t\t\t\t<img fetchpriority=\"high\" decoding=\"async\" width=\"1200\" height=\"800\" src=\"https:\/\/aimia.cat\/wp-content\/uploads\/aimia-concepto.jpg\" class=\"attachment-large size-large wp-image-200\" alt=\"\" srcset=\"https:\/\/aimia.cat\/wp-content\/uploads\/aimia-concepto.jpg 1200w, https:\/\/aimia.cat\/wp-content\/uploads\/aimia-concepto-768x512.jpg 768w\" sizes=\"(max-width: 1200px) 100vw, 1200px\" \/>\t\t\t\t\t\t\t\t\t\t\t\t\t\t\t<\/div>\n\t\t\t\t<\/div>\n\t\t\t\t<div class=\"elementor-element elementor-element-d729cf6 elementor-widget elementor-widget-heading\" data-id=\"d729cf6\" data-element_type=\"widget\" data-e-type=\"widget\" data-widget_type=\"heading.default\">\n\t\t\t\t<div class=\"elementor-widget-container\">\n\t\t\t\t\t<h1 class=\"elementor-heading-title elementor-size-default\">EL CONCEPTO<\/h1>\t\t\t\t<\/div>\n\t\t\t\t<\/div>\n\t\t\t\t<div class=\"elementor-element elementor-element-fdf0418 elementor-widget elementor-widget-text-editor\" data-id=\"fdf0418\" data-element_type=\"widget\" data-e-type=\"widget\" data-widget_type=\"text-editor.default\">\n\t\t\t\t<div class=\"elementor-widget-container\">\n\t\t\t\t\t\t\t\t\t<p>La cocina de Aimia nace de la visi\u00f3n personal del mundo de la gastronom\u00eda y de la pasi\u00f3n por un oficio, el de cocinero, que amamos y defendemos.<\/p><p>No nos sentimos identificados con ning\u00fan tipo de estilo de cocina en concreto, pero s\u00ed podemos decir que hacemos una cocina s\u00f3lida, con ra\u00edces, intuitiva y sabrosa. Tenemos muy claro que los platos tienen que tener \u201cpunch\u201d y a la vez matices sutiles.<\/p><p>Buscamos la armon\u00eda entre tradici\u00f3n y modernidad, y <strong>te ofrecemos una cocina directa, f\u00e1cil de entender y con golpes escondidos<\/strong>.<\/p>\t\t\t\t\t\t\t\t<\/div>\n\t\t\t\t<\/div>\n\t\t\t\t<div class=\"elementor-element elementor-element-228b64e elementor-widget elementor-widget-heading\" data-id=\"228b64e\" data-element_type=\"widget\" data-e-type=\"widget\" data-widget_type=\"heading.default\">\n\t\t\t\t<div class=\"elementor-widget-container\">\n\t\t\t\t\t<h2 class=\"elementor-heading-title elementor-size-default\">Nacimiento y Evoluci\u00f3n<\/h2>\t\t\t\t<\/div>\n\t\t\t\t<\/div>\n\t\t\t\t<div class=\"elementor-element elementor-element-0968bdd elementor-widget elementor-widget-text-editor\" data-id=\"0968bdd\" data-element_type=\"widget\" data-e-type=\"widget\" data-widget_type=\"text-editor.default\">\n\t\t\t\t<div class=\"elementor-widget-container\">\n\t\t\t\t\t\t\t\t\t<h4><strong>En julio de 2012 Aimia abre las puertas en Lleida<\/strong><\/h4><p><em>Aimia significa \u201cmujer querida\u201d.<\/em><br \/><em>As\u00ed la llamaban en catal\u00e1n antiguo los trovadores.<\/em><\/p><p>En plena crisis econ\u00f3mica, pero con muchas ganas de aportar aire fresco a la cocina de Lleida, Aimia nace con una propuesta gastron\u00f3mica y un espacio diferente.<\/p><p>Para huir del t\u00edpico primero, segundo y postres, elaboramos medias raciones con la idea de que todo se puede compartir. Trabajamos con buen producto y ofrecemos una carta variada y original.<\/p><p>El hecho de que la cocina est\u00e1 a la vista del cliente crea un ambiente desenfadado y a la vez acogedor.<\/p><h4><strong>En 2014 cambiamos la propuesta gastron\u00f3mica<\/strong><\/h4><p>Por primera vez introducimos dos men\u00fas dentro de la carta. El <a href=\"https:\/\/aimia.cat\/es\/los-menus\/\"><u>Men\u00fa Aimia<\/u><\/a>: cuatro aperitivos, un segundo y postres a escoger. Y el <a href=\"https:\/\/aimia.cat\/es\/los-menus\/\"><u>Men\u00fa \u00c0nima<\/u><\/a>: un men\u00fa degustaci\u00f3n de nueve platos donde resaltamos la parte m\u00e1s representativa y esencial del restaurante.<\/p><p>Las medias raciones desaparecen de la carta, ya que por diferentes motivos no acaban de cuajar, e incluimos un apartado de tapas, los entrantes de raci\u00f3n y los segundos de raci\u00f3n.<\/p><p>Este cambio es muy positivo y el equipo nos sentimos contentos de rectificar y presentar las propuestas que m\u00e1s satisfacen a nuestros clientes.<\/p><h4><strong>Los siguientes a\u00f1os y a d\u00eda de hoy seguimos haciendo camino<\/strong><\/h4><p>En todo este tiempo hemos ido evolucionando poco a poco hasta encontrar el equilibrio entre lo que el equipo de Aimia queremos hacer y lo que el cliente busca y le gusta.<\/p><p><em>\u201cCreo que esto es lo m\u00e1s dif\u00edcil y satisfactorio de la evoluci\u00f3n de un restaurante. Muchas gracias a todos los clientes que est\u00e1is a nuestro lado desde el primer d\u00eda. Esto no tiene precio\u201d<\/em><\/p><p><strong>Jordi Pall\u00e0s<\/strong><\/p>\t\t\t\t\t\t\t\t<\/div>\n\t\t\t\t<\/div>\n\t\t\t\t<div class=\"elementor-element elementor-element-5a5c39c elementor-align-center elementor-widget elementor-widget-button\" data-id=\"5a5c39c\" data-element_type=\"widget\" data-e-type=\"widget\" data-widget_type=\"button.default\">\n\t\t\t\t<div class=\"elementor-widget-container\">\n\t\t\t\t\t\t\t\t\t<div class=\"elementor-button-wrapper\">\n\t\t\t\t\t<a class=\"elementor-button elementor-button-link elementor-size-sm\" href=\"https:\/\/aimia.cat\/es\/reservas\/\" target=\"_blank\">\n\t\t\t\t\t\t<span class=\"elementor-button-content-wrapper\">\n\t\t\t\t\t\t\t\t\t<span class=\"elementor-button-text\">RESERVA<\/span>\n\t\t\t\t\t<\/span>\n\t\t\t\t\t<\/a>\n\t\t\t\t<\/div>\n\t\t\t\t\t\t\t\t<\/div>\n\t\t\t\t<\/div>\n\t\t\t\t\t<\/div>\n\t\t<\/div>\n\t\t\t\t\t<\/div>\n\t\t<\/section>\n\t\t\t\t<\/div>\n\t\t","protected":false},"excerpt":{"rendered":"<p>EL CONCEPTO La cocina de Aimia nace de la visi\u00f3n personal del mundo de la gastronom\u00eda y de la pasi\u00f3n por un oficio, el de cocinero, que amamos y defendemos. No nos sentimos identificados con ning\u00fan tipo de estilo de cocina en concreto, pero s\u00ed podemos decir que hacemos una cocina s\u00f3lida, con ra\u00edces, intuitiva [&hellip;]<\/p>\n","protected":false},"author":1,"featured_media":0,"parent":0,"menu_order":0,"comment_status":"closed","ping_status":"closed","template":"","meta":{"footnotes":""},"class_list":["post-720","page","type-page","status-publish","hentry"],"_links":{"self":[{"href":"https:\/\/aimia.cat\/es\/wp-json\/wp\/v2\/pages\/720","targetHints":{"allow":["GET"]}}],"collection":[{"href":"https:\/\/aimia.cat\/es\/wp-json\/wp\/v2\/pages"}],"about":[{"href":"https:\/\/aimia.cat\/es\/wp-json\/wp\/v2\/types\/page"}],"author":[{"embeddable":true,"href":"https:\/\/aimia.cat\/es\/wp-json\/wp\/v2\/users\/1"}],"replies":[{"embeddable":true,"href":"https:\/\/aimia.cat\/es\/wp-json\/wp\/v2\/comments?post=720"}],"version-history":[{"count":7,"href":"https:\/\/aimia.cat\/es\/wp-json\/wp\/v2\/pages\/720\/revisions"}],"predecessor-version":[{"id":861,"href":"https:\/\/aimia.cat\/es\/wp-json\/wp\/v2\/pages\/720\/revisions\/861"}],"wp:attachment":[{"href":"https:\/\/aimia.cat\/es\/wp-json\/wp\/v2\/media?parent=720"}],"curies":[{"name":"wp","href":"https:\/\/api.w.org\/{rel}","templated":true}]}}